{"id":238,"date":"2020-05-13T15:57:14","date_gmt":"2020-05-13T13:57:14","guid":{"rendered":"https:\/\/pielgbdg.wordpress.com\/?page_id=238"},"modified":"2025-06-03T13:49:03","modified_gmt":"2025-06-03T11:49:03","slug":"srebrna","status":"publish","type":"page","link":"https:\/\/www.pielgrzymka.bydgoszcz.pl\/?page_id=238","title":{"rendered":"Srebrna"},"content":{"rendered":"\n<div class=\"wp-block-jetpack-slideshow aligncenter\" data-autoplay=\"true\" data-delay=\"3\" data-effect=\"slide\"><div class=\"wp-block-jetpack-slideshow_container swiper-container\"><ul class=\"wp-block-jetpack-slideshow_swiper-wrapper swiper-wrapper\"><li class=\"wp-block-jetpack-slideshow_slide swiper-slide\"><figure><img loading=\"lazy\" decoding=\"async\" width=\"1024\" height=\"678\" alt=\"\" class=\"wp-block-jetpack-slideshow_image wp-image-359\" data-id=\"359\" src=\"https:\/\/www.pielgrzymka.bydgoszcz.pl\/wp-content\/uploads\/2020\/05\/srebrna1-1024x678.jpg\" srcset=\"https:\/\/www.pielgrzymka.bydgoszcz.pl\/wp-content\/uploads\/2020\/05\/srebrna1-1024x678.jpg 1024w, https:\/\/www.pielgrzymka.bydgoszcz.pl\/wp-content\/uploads\/2020\/05\/srebrna1-300x199.jpg 300w, https:\/\/www.pielgrzymka.bydgoszcz.pl\/wp-content\/uploads\/2020\/05\/srebrna1-768x509.jpg 768w, https:\/\/www.pielgrzymka.bydgoszcz.pl\/wp-content\/uploads\/2020\/05\/srebrna1-1536x1017.jpg 1536w, https:\/\/www.pielgrzymka.bydgoszcz.pl\/wp-content\/uploads\/2020\/05\/srebrna1-2048x1356.jpg 2048w\" sizes=\"auto, (max-width: 1024px) 100vw, 1024px\" \/><\/figure><\/li><li class=\"wp-block-jetpack-slideshow_slide swiper-slide\"><figure><img loading=\"lazy\" decoding=\"async\" width=\"1024\" height=\"678\" alt=\"\" class=\"wp-block-jetpack-slideshow_image wp-image-360\" data-id=\"360\" src=\"https:\/\/www.pielgrzymka.bydgoszcz.pl\/wp-content\/uploads\/2020\/05\/srebrna2-1024x678.jpg\" srcset=\"https:\/\/www.pielgrzymka.bydgoszcz.pl\/wp-content\/uploads\/2020\/05\/srebrna2-1024x678.jpg 1024w, https:\/\/www.pielgrzymka.bydgoszcz.pl\/wp-content\/uploads\/2020\/05\/srebrna2-300x199.jpg 300w, https:\/\/www.pielgrzymka.bydgoszcz.pl\/wp-content\/uploads\/2020\/05\/srebrna2-768x509.jpg 768w, https:\/\/www.pielgrzymka.bydgoszcz.pl\/wp-content\/uploads\/2020\/05\/srebrna2-1536x1017.jpg 1536w, https:\/\/www.pielgrzymka.bydgoszcz.pl\/wp-content\/uploads\/2020\/05\/srebrna2-2048x1356.jpg 2048w\" sizes=\"auto, (max-width: 1024px) 100vw, 1024px\" \/><\/figure><\/li><li class=\"wp-block-jetpack-slideshow_slide swiper-slide\"><figure><img loading=\"lazy\" decoding=\"async\" width=\"1024\" height=\"678\" alt=\"\" class=\"wp-block-jetpack-slideshow_image wp-image-362\" data-id=\"362\" src=\"https:\/\/www.pielgrzymka.bydgoszcz.pl\/wp-content\/uploads\/2020\/05\/srebrna3-1024x678.jpg\" srcset=\"https:\/\/www.pielgrzymka.bydgoszcz.pl\/wp-content\/uploads\/2020\/05\/srebrna3-1024x678.jpg 1024w, https:\/\/www.pielgrzymka.bydgoszcz.pl\/wp-content\/uploads\/2020\/05\/srebrna3-300x199.jpg 300w, https:\/\/www.pielgrzymka.bydgoszcz.pl\/wp-content\/uploads\/2020\/05\/srebrna3-768x509.jpg 768w, https:\/\/www.pielgrzymka.bydgoszcz.pl\/wp-content\/uploads\/2020\/05\/srebrna3-1536x1017.jpg 1536w, https:\/\/www.pielgrzymka.bydgoszcz.pl\/wp-content\/uploads\/2020\/05\/srebrna3-2048x1356.jpg 2048w\" sizes=\"auto, (max-width: 1024px) 100vw, 1024px\" \/><\/figure><\/li><li class=\"wp-block-jetpack-slideshow_slide swiper-slide\"><figure><img loading=\"lazy\" decoding=\"async\" width=\"1024\" height=\"678\" alt=\"\" class=\"wp-block-jetpack-slideshow_image wp-image-363\" data-id=\"363\" src=\"https:\/\/www.pielgrzymka.bydgoszcz.pl\/wp-content\/uploads\/2020\/05\/srebrna4-1024x678.jpg\" srcset=\"https:\/\/www.pielgrzymka.bydgoszcz.pl\/wp-content\/uploads\/2020\/05\/srebrna4-1024x678.jpg 1024w, https:\/\/www.pielgrzymka.bydgoszcz.pl\/wp-content\/uploads\/2020\/05\/srebrna4-300x199.jpg 300w, https:\/\/www.pielgrzymka.bydgoszcz.pl\/wp-content\/uploads\/2020\/05\/srebrna4-768x509.jpg 768w, https:\/\/www.pielgrzymka.bydgoszcz.pl\/wp-content\/uploads\/2020\/05\/srebrna4-1536x1017.jpg 1536w, https:\/\/www.pielgrzymka.bydgoszcz.pl\/wp-content\/uploads\/2020\/05\/srebrna4-2048x1356.jpg 2048w\" sizes=\"auto, (max-width: 1024px) 100vw, 1024px\" \/><\/figure><\/li><li class=\"wp-block-jetpack-slideshow_slide swiper-slide\"><figure><img loading=\"lazy\" decoding=\"async\" width=\"1024\" height=\"678\" alt=\"\" class=\"wp-block-jetpack-slideshow_image wp-image-366\" data-id=\"366\" src=\"https:\/\/www.pielgrzymka.bydgoszcz.pl\/wp-content\/uploads\/2020\/05\/srebrna5-1-1024x678.jpg\" srcset=\"https:\/\/www.pielgrzymka.bydgoszcz.pl\/wp-content\/uploads\/2020\/05\/srebrna5-1-1024x678.jpg 1024w, https:\/\/www.pielgrzymka.bydgoszcz.pl\/wp-content\/uploads\/2020\/05\/srebrna5-1-300x199.jpg 300w, https:\/\/www.pielgrzymka.bydgoszcz.pl\/wp-content\/uploads\/2020\/05\/srebrna5-1-768x509.jpg 768w, https:\/\/www.pielgrzymka.bydgoszcz.pl\/wp-content\/uploads\/2020\/05\/srebrna5-1-1536x1017.jpg 1536w, https:\/\/www.pielgrzymka.bydgoszcz.pl\/wp-content\/uploads\/2020\/05\/srebrna5-1-2048x1356.jpg 2048w\" sizes=\"auto, (max-width: 1024px) 100vw, 1024px\" \/><\/figure><\/li><\/ul><a class=\"wp-block-jetpack-slideshow_button-prev swiper-button-prev swiper-button-white\" role=\"button\"><\/a><a class=\"wp-block-jetpack-slideshow_button-next swiper-button-next swiper-button-white\" role=\"button\"><\/a><a aria-label=\"Pause Slideshow\" class=\"wp-block-jetpack-slideshow_button-pause\" role=\"button\"><\/a><div class=\"wp-block-jetpack-slideshow_pagination swiper-pagination swiper-pagination-white\"><\/div><\/div><\/div>\n\n\n\n<p>SREBRNA to grupa, kt\u00f3ra rozpoczyna swoj\u0105 w\u0119dr\u00f3wk\u0119 20.07. u st\u00f3p Matki Bo\u017cej Pani Nakielskiej w parafii pw. \u015bw. Wawrzy\u0144ca w Nakle nad Noteci\u0105, aby po 12 dniach dotrze\u0107 do tronu Kr\u00f3lowej Polski. <\/p>\n\n\n\n<p>Jeste\u015bmy grup\u0105, w kt\u00f3rej panuje rodzinna atmosfera i ka\u017cdy znajdzie tu dla siebie miejsce! LICZYMY NA CIEBIE, SIOSTRO I BRACIE!!!<br>Dlatego KEEP CALM AND GO WITH SREBRNA!<\/p>\n\n\n\n<p>Przewodnikiem \u201eSreberek\u201d jest: ks. Kamil \u0141\u0119t<\/p>\n\n\n\n<p>Zapisy: <\/p>\n\n\n\n<p>Fanpage na facebooku: <a href=\"https:\/\/www.facebook.com\/grupasrebrnanaklo\">https:\/\/www.facebook.com\/grupasrebrnanaklo<\/a><\/p>\n\n\n\n<p>Grupa facebookowa: <a href=\"https:\/\/www.facebook.com\/groups\/197829526943862\">https:\/\/www.facebook.com\/groups\/197829526943862<\/a><\/p>\n","protected":false},"excerpt":{"rendered":"<p>SREBRNA to grupa, kt\u00f3ra rozpoczyna swoj\u0105 w\u0119dr\u00f3wk\u0119 20.07. u st\u00f3p Matki Bo\u017cej Pani Nakielskiej w parafii pw. \u015bw. Wawrzy\u0144ca w Nakle nad Noteci\u0105, aby po 12 dniach dotrze\u0107 do tronu Kr\u00f3lowej Polski. Jeste\u015bmy grup\u0105, w kt\u00f3rej panuje rodzinna atmosfera i ka\u017cdy znajdzie tu dla siebie miejsce! LICZYMY NA CIEBIE, SIOSTRO I BRACIE!!!Dlatego KEEP CALM AND [&hellip;]<\/p>\n","protected":false},"author":3,"featured_media":0,"parent":60,"menu_order":9,"comment_status":"closed","ping_status":"closed","template":"","meta":{"footnotes":""},"class_list":["post-238","page","type-page","status-publish","hentry","post-preview"],"jetpack_sharing_enabled":true,"_links":{"self":[{"href":"https:\/\/www.pielgrzymka.bydgoszcz.pl\/index.php?rest_route=\/wp\/v2\/pages\/238","targetHints":{"allow":["GET"]}}],"collection":[{"href":"https:\/\/www.pielgrzymka.bydgoszcz.pl\/index.php?rest_route=\/wp\/v2\/pages"}],"about":[{"href":"https:\/\/www.pielgrzymka.bydgoszcz.pl\/index.php?rest_route=\/wp\/v2\/types\/page"}],"author":[{"embeddable":true,"href":"https:\/\/www.pielgrzymka.bydgoszcz.pl\/index.php?rest_route=\/wp\/v2\/users\/3"}],"replies":[{"embeddable":true,"href":"https:\/\/www.pielgrzymka.bydgoszcz.pl\/index.php?rest_route=%2Fwp%2Fv2%2Fcomments&post=238"}],"version-history":[{"count":7,"href":"https:\/\/www.pielgrzymka.bydgoszcz.pl\/index.php?rest_route=\/wp\/v2\/pages\/238\/revisions"}],"predecessor-version":[{"id":1731,"href":"https:\/\/www.pielgrzymka.bydgoszcz.pl\/index.php?rest_route=\/wp\/v2\/pages\/238\/revisions\/1731"}],"up":[{"embeddable":true,"href":"https:\/\/www.pielgrzymka.bydgoszcz.pl\/index.php?rest_route=\/wp\/v2\/pages\/60"}],"wp:attachment":[{"href":"https:\/\/www.pielgrzymka.bydgoszcz.pl\/index.php?rest_route=%2Fwp%2Fv2%2Fmedia&parent=238"}],"curies":[{"name":"wp","href":"https:\/\/api.w.org\/{rel}","templated":true}]}}